{"id":2327,"date":"2021-01-21T11:40:28","date_gmt":"2021-01-21T11:40:28","guid":{"rendered":"https:\/\/www.lurdesnarciso.com\/produto\/peixe-espada-preto-aphanopus-carbo\/"},"modified":"2022-10-19T14:36:29","modified_gmt":"2022-10-19T14:36:29","slug":"peixe-espada-preto-aphanopus-carbo","status":"publish","type":"product","link":"https:\/\/www.lurdesnarciso.com\/fr\/produit\/peixe-espada-preto-aphanopus-carbo\/","title":{"rendered":"SABRE NOIR (Aphanopus carbo)"},"content":{"rendered":"<p><strong>Principales m\u00e9thodes de p\u00eache:<\/strong> ligne \u00e0 main et palangre profonde.<\/p>\n<p><strong>\u00c9tat de conservation:<\/strong> Les stocks locaux semblent sains et sont consid\u00e9r\u00e9s comme des \u00abstocks vierges\u00bb.<\/p>\n<p><strong>Fiche donn\u00e9es:<\/strong> <span style=\"color: #1d1d1d;\"><b><a href=\"https:\/\/www.lurdesnarciso.com\/wp-content\/uploads\/2021\/01\/Ficha-tecnica-Peixe-espada-preto.pdf\">Ficha t\u00e9cnica (Peixe-espada-preto)<\/a><\/b><\/span><\/p>\n<p>&nbsp;<\/p>\n","protected":false},"excerpt":{"rendered":"<p>Principales m\u00e9thodes de p\u00eache: ligne \u00e0 main et palangre profonde. \u00c9tat de conservation: Les stocks locaux semblent sains et sont consid\u00e9r\u00e9s comme des \u00abstocks vierges\u00bb. Fiche donn\u00e9es: Ficha t\u00e9cnica (Peixe-espada-preto) &nbsp;<\/p>\n","protected":false},"featured_media":4239,"template":"","meta":[],"yoast_head":"<!-- This site is optimized with the Yoast SEO plugin v15.4 - https:\/\/yoast.com\/wordpress\/plugins\/seo\/ -->\n<meta name=\"robots\" content=\"index, follow, max-snippet:-1, max-image-preview:large, max-video-preview:-1\" \/>\n<link rel=\"canonical\" href=\"https:\/\/www.lurdesnarciso.com\/fr\/produit\/peixe-espada-preto-aphanopus-carbo\/\" \/>\n<meta property=\"og:locale\" content=\"fr_FR\" \/>\n<meta property=\"og:type\" content=\"article\" \/>\n<meta property=\"og:title\" content=\"SABRE NOIR (Aphanopus carbo) - Lurdes Narciso, LDA\" \/>\n<meta property=\"og:description\" content=\"Principales m\u00e9thodes de p\u00eache: ligne \u00e0 main et palangre profonde. \u00c9tat de conservation: Les stocks locaux semblent sains et sont consid\u00e9r\u00e9s comme des \u00abstocks vierges\u00bb. Fiche donn\u00e9es: Ficha t\u00e9cnica (Peixe-espada-preto) &nbsp;\" \/>\n<meta property=\"og:url\" content=\"https:\/\/www.lurdesnarciso.com\/fr\/produit\/peixe-espada-preto-aphanopus-carbo\/\" \/>\n<meta property=\"og:site_name\" content=\"Lurdes Narciso, LDA\" \/>\n<meta property=\"article:modified_time\" content=\"2022-10-19T14:36:29+00:00\" \/>\n<meta property=\"og:image\" content=\"https:\/\/www.lurdesnarciso.com\/wp-content\/uploads\/2021\/01\/Px-Espada-Preto2_site.jpg\" \/>\n\t<meta property=\"og:image:width\" content=\"748\" \/>\n\t<meta property=\"og:image:height\" content=\"721\" \/>\n<meta name=\"twitter:card\" content=\"summary_large_image\" \/>\n<meta name=\"twitter:label1\" content=\"\u00c9crit par\">\n\t<meta name=\"twitter:data1\" content=\"Lurdes Narciso\">\n\t<meta name=\"twitter:label2\" content=\"Dur\u00e9e de lecture est.\">\n\t<meta name=\"twitter:data2\" content=\"0 minute\">\n<script type=\"application\/ld+json\" class=\"yoast-schema-graph\">{\"@context\":\"https:\/\/schema.org\",\"@graph\":[{\"@type\":\"WebSite\",\"@id\":\"https:\/\/www.lurdesnarciso.com\/fr\/#website\",\"url\":\"https:\/\/www.lurdesnarciso.com\/fr\/\",\"name\":\"Lurdes Narciso, LDA\",\"description\":\"Fish from Atlantic Ocean\",\"potentialAction\":[{\"@type\":\"SearchAction\",\"target\":\"https:\/\/www.lurdesnarciso.com\/fr\/?s={search_term_string}\",\"query-input\":\"required name=search_term_string\"}],\"inLanguage\":\"fr-FR\"},{\"@type\":\"ImageObject\",\"@id\":\"https:\/\/www.lurdesnarciso.com\/fr\/produit\/peixe-espada-preto-aphanopus-carbo\/#primaryimage\",\"inLanguage\":\"fr-FR\",\"url\":\"https:\/\/www.lurdesnarciso.com\/wp-content\/uploads\/2021\/01\/Peixe-espada-preta.png\",\"width\":340,\"height\":284},{\"@type\":\"WebPage\",\"@id\":\"https:\/\/www.lurdesnarciso.com\/fr\/produit\/peixe-espada-preto-aphanopus-carbo\/#webpage\",\"url\":\"https:\/\/www.lurdesnarciso.com\/fr\/produit\/peixe-espada-preto-aphanopus-carbo\/\",\"name\":\"SABRE NOIR (Aphanopus carbo) - Lurdes Narciso, LDA\",\"isPartOf\":{\"@id\":\"https:\/\/www.lurdesnarciso.com\/fr\/#website\"},\"primaryImageOfPage\":{\"@id\":\"https:\/\/www.lurdesnarciso.com\/fr\/produit\/peixe-espada-preto-aphanopus-carbo\/#primaryimage\"},\"datePublished\":\"2021-01-21T11:40:28+00:00\",\"dateModified\":\"2022-10-19T14:36:29+00:00\",\"inLanguage\":\"fr-FR\",\"potentialAction\":[{\"@type\":\"ReadAction\",\"target\":[\"https:\/\/www.lurdesnarciso.com\/fr\/produit\/peixe-espada-preto-aphanopus-carbo\/\"]}]}]}<\/script>\n<!-- \/ Yoast SEO plugin. -->","_links":{"self":[{"href":"https:\/\/www.lurdesnarciso.com\/fr\/wp-json\/wp\/v2\/product\/2327"}],"collection":[{"href":"https:\/\/www.lurdesnarciso.com\/fr\/wp-json\/wp\/v2\/product"}],"about":[{"href":"https:\/\/www.lurdesnarciso.com\/fr\/wp-json\/wp\/v2\/types\/product"}],"wp:featuredmedia":[{"embeddable":true,"href":"https:\/\/www.lurdesnarciso.com\/fr\/wp-json\/wp\/v2\/media\/4239"}],"wp:attachment":[{"href":"https:\/\/www.lurdesnarciso.com\/fr\/wp-json\/wp\/v2\/media?parent=2327"}],"curies":[{"name":"wp","href":"https:\/\/api.w.org\/{rel}","templated":true}]}}